{"id":1223,"date":"2017-03-23T09:01:58","date_gmt":"2017-03-23T09:01:58","guid":{"rendered":"http:\/\/www.hfc1912.hu\/new\/?page_id=1223"},"modified":"2018-03-23T09:40:45","modified_gmt":"2018-03-23T09:40:45","slug":"hodmezovasarhelyi-fc-u14-ii-osztaly-del-kelet","status":"publish","type":"page","link":"http:\/\/www.hfc1912.hu\/new\/csapatok\/hodmezovasarhelyi-fc-u14-ii-osztaly-del-kelet\/","title":{"rendered":"H\u00f3dmez\u0151v\u00e1s\u00e1rhelyi FC U14"},"content":{"rendered":"<p style=\"text-align: center;\">\n\t<img loading=\"lazy\" alt=\"\" class=\"aligncenter size-large wp-image-2413\" height=\"478\" src=\"http:\/\/www.hfc1912.hu\/new\/wp-content\/uploads\/2017\/03\/csapatkepek-2-1024x683.jpg\" style=\"\" title=\"\" width=\"717\" srcset=\"http:\/\/www.hfc1912.hu\/new\/wp-content\/uploads\/2017\/03\/csapatkepek-2-1024x683.jpg 1024w, http:\/\/www.hfc1912.hu\/new\/wp-content\/uploads\/2017\/03\/csapatkepek-2-300x200.jpg 300w, http:\/\/www.hfc1912.hu\/new\/wp-content\/uploads\/2017\/03\/csapatkepek-2-768x512.jpg 768w, http:\/\/www.hfc1912.hu\/new\/wp-content\/uploads\/2017\/03\/csapatkepek-2-128x85.jpg 128w, http:\/\/www.hfc1912.hu\/new\/wp-content\/uploads\/2017\/03\/csapatkepek-2-32x21.jpg 32w\" sizes=\"(max-width: 717px) 100vw, 717px\" \/>\n<\/p>\n<p>\n\t<strong>Fels\u0151sor:<\/strong> Mucsi Gerg\u0151, Kurunczi Gerg\u0151, Sajben Levente, Dombi &Aacute;rp&aacute;d, Gandis Bence, Vigh P&eacute;ter\n<\/p>\n<p>\n\t<strong>K&ouml;z&eacute;ps\u0151 sor:&nbsp;<\/strong>B&aacute;nfi Edvin edz\u0151, Ciortea Krist&oacute;f, Szab&oacute; Csan&aacute;d, Bartha Marcell, Kar&aacute;csonyi Mikl&oacute;s, Dezs\u0151 Ferenc vezet\u0151edz\u0151\n<\/p>\n<p>\n\t<strong>Als&oacute; sor:<\/strong> Heb\u0151k Endre, Bal&aacute;zs Benedek, Lengyel Tibor, Rost&aacute;s Roland, Barna &Aacute;d&aacute;m, Borb&aacute;s Martin\n<\/p>\n<table border=\"0\" cellpadding=\"0\" cellspacing=\"0\" width=\"284\">\n<tbody>\n<tr height=\"20\">\n<td height=\"20\" width=\"284\">\n\t\t\t\tBal&aacute;zs Benedek\n\t\t\t<\/td>\n<\/tr>\n<tr height=\"20\">\n<td height=\"20\">\n\t\t\t\tBarna &Aacute;d&aacute;m\n\t\t\t<\/td>\n<\/tr>\n<tr height=\"20\">\n<td height=\"20\">\n\t\t\t\tBorb&aacute;s Martin\n\t\t\t<\/td>\n<\/tr>\n<tr height=\"20\">\n<td height=\"20\">\n\t\t\t\tCiortea Krist&oacute;f\n\t\t\t<\/td>\n<\/tr>\n<tr height=\"20\">\n<td height=\"20\">\n\t\t\t\tDombi &Aacute;rp&aacute;d\n\t\t\t<\/td>\n<\/tr>\n<tr height=\"20\">\n<td height=\"20\">\n\t\t\t\tGandis Bence\n\t\t\t<\/td>\n<\/tr>\n<tr height=\"20\">\n<td height=\"20\">\n\t\t\t\tJancsovics Szaboly\n\t\t\t<\/td>\n<\/tr>\n<tr height=\"20\">\n<td height=\"20\">\n\t\t\t\tKallai Noel\n\t\t\t<\/td>\n<\/tr>\n<tr height=\"20\">\n<td height=\"20\">\n\t\t\t\tKar&aacute;csonyi Mikl&oacute;s\n\t\t\t<\/td>\n<\/tr>\n<tr height=\"20\">\n<td height=\"20\">\n\t\t\t\tK&eacute;sm&aacute;rki Viktor\n\t\t\t<\/td>\n<\/tr>\n<tr height=\"20\">\n<td height=\"20\">\n\t\t\t\tKurunczi Gerg\u0151\n\t\t\t<\/td>\n<\/tr>\n<tr height=\"20\">\n<td height=\"20\">\n\t\t\t\tLengyel Tibor\n\t\t\t<\/td>\n<\/tr>\n<tr height=\"20\">\n<td height=\"20\">\n\t\t\t\tN&eacute;meth D&aacute;niel\n\t\t\t<\/td>\n<\/tr>\n<tr height=\"20\">\n<td height=\"20\">\n\t\t\t\tRost&aacute;s Roland\n\t\t\t<\/td>\n<\/tr>\n<tr height=\"20\">\n<td height=\"20\">\n\t\t\t\tSajben Levente\n\t\t\t<\/td>\n<\/tr>\n<tr height=\"20\">\n<td height=\"20\">\n\t\t\t\tSzab&oacute; Csan&aacute;d\n\t\t\t<\/td>\n<\/tr>\n<tr height=\"20\">\n<td height=\"20\">\n\t\t\t\tV&iacute;gh P&eacute;ter\n\t\t\t<\/td>\n<\/tr>\n<tr height=\"20\">\n<td height=\"20\">\n\t\t\t\t&nbsp;\n\t\t\t<\/td>\n<\/tr>\n<tr height=\"20\">\n<td height=\"20\">\n\t\t\t\t<strong>Edz\u0151:<\/strong> Dezs\u0151 Ferenc\n\t\t\t<\/td>\n<\/tr>\n<\/tbody>\n<\/table>\n","protected":false},"excerpt":{"rendered":"<p>Fels\u0151sor: Mucsi Gerg\u0151, Kurunczi Gerg\u0151, Sajben Levente, Dombi &Aacute;rp&aacute;d, Gandis Bence, Vigh P&eacute;ter K&ouml;z&eacute;ps\u0151 sor:&nbsp;B&aacute;nfi Edvin edz\u0151, Ciortea Krist&oacute;f, Szab&oacute; Csan&aacute;d, Bartha Marcell, Kar&aacute;csonyi Mikl&oacute;s,&#8230;<\/p>\n","protected":false},"author":1,"featured_media":0,"parent":50,"menu_order":0,"comment_status":"closed","ping_status":"closed","template":"","meta":[],"yoast_head":"<!-- This site is optimized with the Yoast SEO plugin v19.8 - https:\/\/yoast.com\/wordpress\/plugins\/seo\/ -->\n<title>H\u00f3dmez\u0151v\u00e1s\u00e1rhelyi FC U14 - H\u00f3dmez\u0151v\u00e1s\u00e1rhelyi Futball Club<\/title>\n<meta name=\"robots\" content=\"index, follow, max-snippet:-1, max-image-preview:large, max-video-preview:-1\" \/>\n<link rel=\"canonical\" href=\"http:\/\/www.hfc1912.hu\/new\/csapatok\/hodmezovasarhelyi-fc-u14-ii-osztaly-del-kelet\/\" \/>\n<meta property=\"og:locale\" content=\"hu_HU\" \/>\n<meta property=\"og:type\" content=\"article\" \/>\n<meta property=\"og:title\" content=\"H\u00f3dmez\u0151v\u00e1s\u00e1rhelyi FC U14 - H\u00f3dmez\u0151v\u00e1s\u00e1rhelyi Futball Club\" \/>\n<meta property=\"og:description\" content=\"Fels\u0151sor: Mucsi Gerg\u0151, Kurunczi Gerg\u0151, Sajben Levente, Dombi &Aacute;rp&aacute;d, Gandis Bence, Vigh P&eacute;ter K&ouml;z&eacute;ps\u0151 sor:&nbsp;B&aacute;nfi Edvin edz\u0151, Ciortea Krist&oacute;f, Szab&oacute; Csan&aacute;d, Bartha Marcell, Kar&aacute;csonyi Mikl&oacute;s,...\" \/>\n<meta property=\"og:url\" content=\"http:\/\/www.hfc1912.hu\/new\/csapatok\/hodmezovasarhelyi-fc-u14-ii-osztaly-del-kelet\/\" \/>\n<meta property=\"og:site_name\" content=\"H\u00f3dmez\u0151v\u00e1s\u00e1rhelyi Futball Club\" \/>\n<meta property=\"article:modified_time\" content=\"2018-03-23T09:40:45+00:00\" \/>\n<meta property=\"og:image\" content=\"http:\/\/www.hfc1912.hu\/new\/wp-content\/uploads\/2017\/03\/csapatkepek-2-1024x683.jpg\" \/>\n<meta name=\"twitter:card\" content=\"summary_large_image\" \/>\n<meta name=\"twitter:label1\" content=\"Est. reading time\" \/>\n\t<meta name=\"twitter:data1\" content=\"1 perc\" \/>\n<script type=\"application\/ld+json\" class=\"yoast-schema-graph\">{\"@context\":\"https:\/\/schema.org\",\"@graph\":[{\"@type\":\"WebPage\",\"@id\":\"http:\/\/www.hfc1912.hu\/new\/csapatok\/hodmezovasarhelyi-fc-u14-ii-osztaly-del-kelet\/\",\"url\":\"http:\/\/www.hfc1912.hu\/new\/csapatok\/hodmezovasarhelyi-fc-u14-ii-osztaly-del-kelet\/\",\"name\":\"H\u00f3dmez\u0151v\u00e1s\u00e1rhelyi FC U14 - H\u00f3dmez\u0151v\u00e1s\u00e1rhelyi Futball Club\",\"isPartOf\":{\"@id\":\"http:\/\/www.hfc1912.hu\/new\/#website\"},\"datePublished\":\"2017-03-23T09:01:58+00:00\",\"dateModified\":\"2018-03-23T09:40:45+00:00\",\"breadcrumb\":{\"@id\":\"http:\/\/www.hfc1912.hu\/new\/csapatok\/hodmezovasarhelyi-fc-u14-ii-osztaly-del-kelet\/#breadcrumb\"},\"inLanguage\":\"hu\",\"potentialAction\":[{\"@type\":\"ReadAction\",\"target\":[\"http:\/\/www.hfc1912.hu\/new\/csapatok\/hodmezovasarhelyi-fc-u14-ii-osztaly-del-kelet\/\"]}]},{\"@type\":\"BreadcrumbList\",\"@id\":\"http:\/\/www.hfc1912.hu\/new\/csapatok\/hodmezovasarhelyi-fc-u14-ii-osztaly-del-kelet\/#breadcrumb\",\"itemListElement\":[{\"@type\":\"ListItem\",\"position\":1,\"name\":\"Home\",\"item\":\"http:\/\/www.hfc1912.hu\/new\/\"},{\"@type\":\"ListItem\",\"position\":2,\"name\":\"Csapatok\",\"item\":\"http:\/\/www.hfc1912.hu\/new\/csapatok\/\"},{\"@type\":\"ListItem\",\"position\":3,\"name\":\"H\u00f3dmez\u0151v\u00e1s\u00e1rhelyi FC U14\"}]},{\"@type\":\"WebSite\",\"@id\":\"http:\/\/www.hfc1912.hu\/new\/#website\",\"url\":\"http:\/\/www.hfc1912.hu\/new\/\",\"name\":\"H\u00f3dmez\u0151v\u00e1s\u00e1rhelyi Futball Club\",\"description\":\"H\u00f3dmez\u0151v\u00e1s\u00e1rhelyi Futball Club hivatalos honlapja\",\"publisher\":{\"@id\":\"http:\/\/www.hfc1912.hu\/new\/#organization\"},\"potentialAction\":[{\"@type\":\"SearchAction\",\"target\":{\"@type\":\"EntryPoint\",\"urlTemplate\":\"http:\/\/www.hfc1912.hu\/new\/?s={search_term_string}\"},\"query-input\":\"required name=search_term_string\"}],\"inLanguage\":\"hu\"},{\"@type\":\"Organization\",\"@id\":\"http:\/\/www.hfc1912.hu\/new\/#organization\",\"name\":\"H\u00f3dmez\u0151v\u00e1s\u00e1rhelyi Futball Club\",\"url\":\"http:\/\/www.hfc1912.hu\/new\/\",\"sameAs\":[],\"logo\":{\"@type\":\"ImageObject\",\"inLanguage\":\"hu\",\"@id\":\"http:\/\/www.hfc1912.hu\/new\/#\/schema\/logo\/image\/\",\"url\":\"http:\/\/www.hfc1912.hu\/new\/wp-content\/uploads\/2021\/12\/cropped-V\u00e9gleges_c\u00edmer_atlatszo150162.png\",\"contentUrl\":\"http:\/\/www.hfc1912.hu\/new\/wp-content\/uploads\/2021\/12\/cropped-V\u00e9gleges_c\u00edmer_atlatszo150162.png\",\"width\":150,\"height\":162,\"caption\":\"H\u00f3dmez\u0151v\u00e1s\u00e1rhelyi Futball Club\"},\"image\":{\"@id\":\"http:\/\/www.hfc1912.hu\/new\/#\/schema\/logo\/image\/\"}}]}<\/script>\n<!-- \/ Yoast SEO plugin. -->","yoast_head_json":{"title":"H\u00f3dmez\u0151v\u00e1s\u00e1rhelyi FC U14 - H\u00f3dmez\u0151v\u00e1s\u00e1rhelyi Futball Club","robots":{"index":"index","follow":"follow","max-snippet":"max-snippet:-1","max-image-preview":"max-image-preview:large","max-video-preview":"max-video-preview:-1"},"canonical":"http:\/\/www.hfc1912.hu\/new\/csapatok\/hodmezovasarhelyi-fc-u14-ii-osztaly-del-kelet\/","og_locale":"hu_HU","og_type":"article","og_title":"H\u00f3dmez\u0151v\u00e1s\u00e1rhelyi FC U14 - H\u00f3dmez\u0151v\u00e1s\u00e1rhelyi Futball Club","og_description":"Fels\u0151sor: Mucsi Gerg\u0151, Kurunczi Gerg\u0151, Sajben Levente, Dombi &Aacute;rp&aacute;d, Gandis Bence, Vigh P&eacute;ter K&ouml;z&eacute;ps\u0151 sor:&nbsp;B&aacute;nfi Edvin edz\u0151, Ciortea Krist&oacute;f, Szab&oacute; Csan&aacute;d, Bartha Marcell, Kar&aacute;csonyi Mikl&oacute;s,...","og_url":"http:\/\/www.hfc1912.hu\/new\/csapatok\/hodmezovasarhelyi-fc-u14-ii-osztaly-del-kelet\/","og_site_name":"H\u00f3dmez\u0151v\u00e1s\u00e1rhelyi Futball Club","article_modified_time":"2018-03-23T09:40:45+00:00","og_image":[{"url":"http:\/\/www.hfc1912.hu\/new\/wp-content\/uploads\/2017\/03\/csapatkepek-2-1024x683.jpg"}],"twitter_card":"summary_large_image","twitter_misc":{"Est. reading time":"1 perc"},"schema":{"@context":"https:\/\/schema.org","@graph":[{"@type":"WebPage","@id":"http:\/\/www.hfc1912.hu\/new\/csapatok\/hodmezovasarhelyi-fc-u14-ii-osztaly-del-kelet\/","url":"http:\/\/www.hfc1912.hu\/new\/csapatok\/hodmezovasarhelyi-fc-u14-ii-osztaly-del-kelet\/","name":"H\u00f3dmez\u0151v\u00e1s\u00e1rhelyi FC U14 - H\u00f3dmez\u0151v\u00e1s\u00e1rhelyi Futball Club","isPartOf":{"@id":"http:\/\/www.hfc1912.hu\/new\/#website"},"datePublished":"2017-03-23T09:01:58+00:00","dateModified":"2018-03-23T09:40:45+00:00","breadcrumb":{"@id":"http:\/\/www.hfc1912.hu\/new\/csapatok\/hodmezovasarhelyi-fc-u14-ii-osztaly-del-kelet\/#breadcrumb"},"inLanguage":"hu","potentialAction":[{"@type":"ReadAction","target":["http:\/\/www.hfc1912.hu\/new\/csapatok\/hodmezovasarhelyi-fc-u14-ii-osztaly-del-kelet\/"]}]},{"@type":"BreadcrumbList","@id":"http:\/\/www.hfc1912.hu\/new\/csapatok\/hodmezovasarhelyi-fc-u14-ii-osztaly-del-kelet\/#breadcrumb","itemListElement":[{"@type":"ListItem","position":1,"name":"Home","item":"http:\/\/www.hfc1912.hu\/new\/"},{"@type":"ListItem","position":2,"name":"Csapatok","item":"http:\/\/www.hfc1912.hu\/new\/csapatok\/"},{"@type":"ListItem","position":3,"name":"H\u00f3dmez\u0151v\u00e1s\u00e1rhelyi FC U14"}]},{"@type":"WebSite","@id":"http:\/\/www.hfc1912.hu\/new\/#website","url":"http:\/\/www.hfc1912.hu\/new\/","name":"H\u00f3dmez\u0151v\u00e1s\u00e1rhelyi Futball Club","description":"H\u00f3dmez\u0151v\u00e1s\u00e1rhelyi Futball Club hivatalos honlapja","publisher":{"@id":"http:\/\/www.hfc1912.hu\/new\/#organization"},"potentialAction":[{"@type":"SearchAction","target":{"@type":"EntryPoint","urlTemplate":"http:\/\/www.hfc1912.hu\/new\/?s={search_term_string}"},"query-input":"required name=search_term_string"}],"inLanguage":"hu"},{"@type":"Organization","@id":"http:\/\/www.hfc1912.hu\/new\/#organization","name":"H\u00f3dmez\u0151v\u00e1s\u00e1rhelyi Futball Club","url":"http:\/\/www.hfc1912.hu\/new\/","sameAs":[],"logo":{"@type":"ImageObject","inLanguage":"hu","@id":"http:\/\/www.hfc1912.hu\/new\/#\/schema\/logo\/image\/","url":"http:\/\/www.hfc1912.hu\/new\/wp-content\/uploads\/2021\/12\/cropped-V\u00e9gleges_c\u00edmer_atlatszo150162.png","contentUrl":"http:\/\/www.hfc1912.hu\/new\/wp-content\/uploads\/2021\/12\/cropped-V\u00e9gleges_c\u00edmer_atlatszo150162.png","width":150,"height":162,"caption":"H\u00f3dmez\u0151v\u00e1s\u00e1rhelyi Futball Club"},"image":{"@id":"http:\/\/www.hfc1912.hu\/new\/#\/schema\/logo\/image\/"}}]}},"_links":{"self":[{"href":"http:\/\/www.hfc1912.hu\/new\/wp-json\/wp\/v2\/pages\/1223"}],"collection":[{"href":"http:\/\/www.hfc1912.hu\/new\/wp-json\/wp\/v2\/pages"}],"about":[{"href":"http:\/\/www.hfc1912.hu\/new\/wp-json\/wp\/v2\/types\/page"}],"author":[{"embeddable":true,"href":"http:\/\/www.hfc1912.hu\/new\/wp-json\/wp\/v2\/users\/1"}],"replies":[{"embeddable":true,"href":"http:\/\/www.hfc1912.hu\/new\/wp-json\/wp\/v2\/comments?post=1223"}],"version-history":[{"count":5,"href":"http:\/\/www.hfc1912.hu\/new\/wp-json\/wp\/v2\/pages\/1223\/revisions"}],"predecessor-version":[{"id":2454,"href":"http:\/\/www.hfc1912.hu\/new\/wp-json\/wp\/v2\/pages\/1223\/revisions\/2454"}],"up":[{"embeddable":true,"href":"http:\/\/www.hfc1912.hu\/new\/wp-json\/wp\/v2\/pages\/50"}],"wp:attachment":[{"href":"http:\/\/www.hfc1912.hu\/new\/wp-json\/wp\/v2\/media?parent=1223"}],"curies":[{"name":"wp","href":"https:\/\/api.w.org\/{rel}","templated":true}]}}