{"id":48,"date":"2016-08-25T14:32:19","date_gmt":"2016-08-25T14:32:19","guid":{"rendered":"http:\/\/www.hfc1912.hu\/new\/kezdolap\/"},"modified":"2017-03-23T08:37:48","modified_gmt":"2017-03-23T08:37:48","slug":"kezdolap","status":"publish","type":"page","link":"http:\/\/www.hfc1912.hu\/new\/kezdolap\/","title":{"rendered":"Kezd\u0151lap"},"content":{"rendered":"<div class=\"art-content-layout-wrapper layout-item-0\">\n<div class=\"art-content-layout layout-item-1\">\n<div class=\"art-content-layout-row\">\n<div class=\"art-layout-cell layout-item-2\" style=\"width: 25%;\">\n<h4><a href=\"http:\/\/www.hfc1912.hu\/new\/a-vasarhelyi-foci-tortenete\/\"><strong><span style=\"font-size: 16px; color: white;\">A v\u00e1s\u00e1rhelyi foci<\/span><\/strong><\/a><\/h4>\n<p><a href=\"http:\/\/www.hfc1912.hu\/new\/a-vasarhelyi-foci-tortenete\/\"><img loading=\"lazy\" class=\"alignnone wp-image-98\" src=\"http:\/\/www.hfc1912.hu\/new\/wp-content\/uploads\/2016\/09\/hfc_lead_vhelyfoci.jpg\" alt=\"hfc_lead_vhelyfoci\" width=\"150\" height=\"150\" srcset=\"http:\/\/www.hfc1912.hu\/new\/wp-content\/uploads\/2016\/09\/hfc_lead_vhelyfoci.jpg 176w, http:\/\/www.hfc1912.hu\/new\/wp-content\/uploads\/2016\/09\/hfc_lead_vhelyfoci-150x150.jpg 150w\" sizes=\"(max-width: 150px) 100vw, 150px\" \/><\/a><\/p>\n<p>&nbsp;<\/p>\n<\/div>\n<div class=\"art-layout-cell layout-item-3\" style=\"width: 25%;\">\n<h4><a href=\"http:\/\/www.hfc1912.hu\/new\/egyesuletunkrol\/\"><strong><span style=\"font-size: 16px; color: white;\">Egyes\u00fclet\u00fcnkr\u0151l<\/span><\/strong><\/a><\/h4>\n<p><a href=\"http:\/\/www.hfc1912.hu\/new\/egyesuletunkrol\/\"><img loading=\"lazy\" class=\"alignnone wp-image-97\" src=\"http:\/\/www.hfc1912.hu\/new\/wp-content\/uploads\/2016\/09\/hfc_lead_vezetes.jpg\" alt=\"hfc_lead_vezetes\" width=\"150\" height=\"150\" srcset=\"http:\/\/www.hfc1912.hu\/new\/wp-content\/uploads\/2016\/09\/hfc_lead_vezetes.jpg 176w, http:\/\/www.hfc1912.hu\/new\/wp-content\/uploads\/2016\/09\/hfc_lead_vezetes-150x150.jpg 150w\" sizes=\"(max-width: 150px) 100vw, 150px\" \/><\/a><\/p>\n<\/div>\n<div class=\"art-layout-cell layout-item-4\" style=\"width: 25%;\">\n<h4><a href=\"http:\/\/www.hfc1912.hu\/new\/varosi-stadion\/\"><strong><span style=\"font-size: 16px; color: white;\">Helysz\u00edn<\/span><\/strong><\/a><\/h4>\n<p><a href=\"http:\/\/www.hfc1912.hu\/new\/varosi-stadion\/\"><img loading=\"lazy\" class=\"alignnone wp-image-95\" src=\"http:\/\/www.hfc1912.hu\/new\/wp-content\/uploads\/2016\/09\/hfc_lead_stadion.jpg\" alt=\"hfc_lead_stadion\" width=\"150\" height=\"150\" srcset=\"http:\/\/www.hfc1912.hu\/new\/wp-content\/uploads\/2016\/09\/hfc_lead_stadion.jpg 176w, http:\/\/www.hfc1912.hu\/new\/wp-content\/uploads\/2016\/09\/hfc_lead_stadion-150x150.jpg 150w\" sizes=\"(max-width: 150px) 100vw, 150px\" \/><\/a><\/p>\n<p>&nbsp;<\/p>\n<\/div>\n<div class=\"art-layout-cell layout-item-5\" style=\"width: 25%;\">\n<h4><a href=\"http:\/\/www.hfc1912.hu\/new\/etikai-kodex-es-fegyelmi-szabalyzat\/\"><strong><span style=\"font-size: 16px; color: white;\">Szab\u00e1lyaink<\/span><\/strong><\/a><\/h4>\n<p><a href=\"http:\/\/www.hfc1912.hu\/new\/etikai-kodex-es-fegyelmi-szabalyzat\/\"><img loading=\"lazy\" class=\"alignnone wp-image-96\" src=\"http:\/\/www.hfc1912.hu\/new\/wp-content\/uploads\/2016\/09\/hfc_lead_szabalyzat.jpg\" alt=\"hfc_lead_szabalyzat\" width=\"150\" height=\"150\" srcset=\"http:\/\/www.hfc1912.hu\/new\/wp-content\/uploads\/2016\/09\/hfc_lead_szabalyzat.jpg 176w, http:\/\/www.hfc1912.hu\/new\/wp-content\/uploads\/2016\/09\/hfc_lead_szabalyzat-150x150.jpg 150w\" sizes=\"(max-width: 150px) 100vw, 150px\" \/><\/a><\/p>\n<p>&nbsp;<\/p>\n<\/div>\n<\/div>\n<\/div>\n<\/div>\n<div class=\"art-content-layout-wrapper layout-item-0\">\n<div class=\"art-content-layout layout-item-1\">\n<div class=\"art-content-layout-row\">\n<div class=\"art-layout-cell layout-item-6\" style=\"width: 100%;\">\n<p style=\"text-align: center;\"><span style=\"font-size: 20px;\">H\u00f3dmez\u0151v\u00e1s\u00e1rhelyi Futball Club hivatalos honlapja<\/span><\/p>\n<p style=\"text-align: center;\"><span style=\"font-size: 16px;\">K\u00f6sz\u00f6nt\u0151<\/span><\/p>\n<p style=\"text-align: center;\"><span style=\"font-family: verdana, geneva; font-size: small;\"><img loading=\"lazy\" class=\"alignleft wp-image-39\" src=\"http:\/\/www.hfc1912.hu\/new\/wp-content\/uploads\/2016\/08\/horvath_zoltan_hfc.jpg\" alt=\"horvath_zoltan_hfc\" width=\"150\" height=\"227\" srcset=\"http:\/\/www.hfc1912.hu\/new\/wp-content\/uploads\/2016\/08\/horvath_zoltan_hfc.jpg 846w, http:\/\/www.hfc1912.hu\/new\/wp-content\/uploads\/2016\/08\/horvath_zoltan_hfc-198x300.jpg 198w, http:\/\/www.hfc1912.hu\/new\/wp-content\/uploads\/2016\/08\/horvath_zoltan_hfc-768x1162.jpg 768w, http:\/\/www.hfc1912.hu\/new\/wp-content\/uploads\/2016\/08\/horvath_zoltan_hfc-677x1024.jpg 677w\" sizes=\"(max-width: 150px) 100vw, 150px\" \/>\u00dcdv\u00f6zl\u00f6m a H\u00f3dmez\u0151v\u00e1s\u00e1rhelyi Futball Club hivatalos honlapj\u00e1n!<\/span><\/p>\n<p>Horv\u00e1th Zolt\u00e1n vagyok, a HFC eln\u00f6ke. Munkat\u00e1rsaim \u00e9s a magam legf\u0151bb c\u00e9lja, hogy megfelel\u0151 hely\u00e9re juttassuk ezt az \u00f3ri\u00e1si hagyom\u00e1nyokkal rendelkez\u0151, m\u00e9g 1912-ben alap\u00edtott egyes\u00fcletet. A nagy el\u0151d\u00f6k nyomdokain l\u00e9pkedve k\u00edv\u00e1nunk egyre feljebb jutni haz\u00e1nk labdar\u00fag\u00f3 rangl\u00e9tr\u00e1j\u00e1n. Tudom, ez egy rendk\u00edv\u00fcl neh\u00e9z \u00e9s \u00f6sszetett feladat, de meggy\u0151z\u0151d\u00e9sem, hogy szisztematikus, meghat\u00e1rozott elvek alapj\u00e1n lefektetett koncepci\u00f3 ment\u00e9n hamarosan nagyszer\u0171 eredm\u00e9nyek el\u00e9r\u00e9s\u00e9re lesz\u00fcnk k\u00e9pesek. Ehhez azonban sz\u00e9lesk\u00f6r\u0171 \u00f6sszefog\u00e1sra \u00e9s akaratra van sz\u00fcks\u00e9g, \u00edgy ajt\u00f3nk mindenki sz\u00e1m\u00e1ra nyitva \u00e1ll, aki b\u00e1rmely form\u00e1ban szeretn\u00e9 seg\u00edteni a v\u00e1s\u00e1rhelyi labdar\u00fag\u00e1s fejl\u0151d\u00e9s\u00e9t.<\/p>\n<p>Rem\u00e9lem, honlapunkon megtal\u00e1lja azt az inform\u00e1ci\u00f3t, melyet keresett. Ha oldalainkkal kapcsolatosan k\u00e9rd\u00e9se, k\u00e9r\u00e9se, \u00e9szrev\u00e9tele van, k\u00e9rem, forduljon hozz\u00e1nk bizalommal a kapcsolat men\u00fcpont alatt tal\u00e1lhat\u00f3 el\u00e9rhet\u0151s\u00e9gek valamelyik\u00e9n.<\/p>\n<p>Hajr\u00e1 magyar foci, hajr\u00e1 V\u00e1s\u00e1rhely!<\/p>\n<\/div>\n<\/div>\n<\/div>\n<\/div>\n<p>&nbsp;<\/p>\n<p>&nbsp;<\/p>\n<p>&nbsp;<\/p>\n<p>&nbsp;<\/p>\n<p>&nbsp;<\/p>\n<p>&nbsp;<\/p>\n<div class=\"art-content-layout-wrapper layout-item-0\">\n<div class=\"art-content-layout layout-item-1\">\n<div class=\"art-content-layout-row\">\n<div class=\"art-layout-cell layout-item-6\" style=\"width: 100%;\">\n<p>&nbsp;<\/p>\n<\/div>\n<\/div>\n<\/div>\n<div class=\"art-content-layout-wrapper layout-item-0\">\n<div class=\"art-content-layout layout-item-1\">\n<div class=\"art-content-layout-row\">\n<div class=\"art-layout-cell layout-item-7\" style=\"width: 100%;\">\n<p><img loading=\"lazy\" class=\"size-full wp-image-1034 alignleft\" src=\"http:\/\/www.hfc1912.hu\/new\/wp-content\/uploads\/2016\/08\/HFC1912_logo_50x45.png\" alt=\"\" width=\"50\" height=\"45\" srcset=\"http:\/\/www.hfc1912.hu\/new\/wp-content\/uploads\/2016\/08\/HFC1912_logo_50x45.png 50w, http:\/\/www.hfc1912.hu\/new\/wp-content\/uploads\/2016\/08\/HFC1912_logo_50x45-32x29.png 32w\" sizes=\"(max-width: 50px) 100vw, 50px\" \/>A v\u00e1s\u00e1rhelyi foci t\u00f6bb mint 100 \u00e9vre ny\u00falik vissza.<br \/>\n1912-ben alakul meg a &#8220;Munk\u00e1s&#8221; \u2013 H\u00f3dmez\u0151v\u00e1s\u00e1rhely Munk\u00e1s Testedz\u0151 Egyes\u00fclet (HMTE) \u2013 labdar\u00fag\u00f3 szakoszt\u00e1lya. Az els\u0151 meccs\u00e9t a szegedi MTE ellen j\u00e1tszotta augusztus 11-\u00e9n.<\/p>\n<p style=\"text-align: right;\"><a class=\"art-button\" href=\"http:\/\/www.hfc1912.hu\/new\/a-vasarhelyi-foci-tortenete\/\">Tov\u00e1bb<\/a><\/p>\n<\/div>\n<\/div>\n<\/div>\n<\/div>\n<\/div>\n<div class=\"art-content-layout-wrapper layout-item-0\">\n<div class=\"art-content-layout layout-item-1\">\n<div class=\"art-content-layout-row\">\n<div class=\"art-layout-cell layout-item-6\" style=\"width: 100%;\">\n<p>&nbsp;<\/p>\n<\/div>\n<\/div>\n<\/div>\n<div class=\"art-content-layout-wrapper layout-item-0\">\n<div class=\"art-content-layout layout-item-1\">\n<div class=\"art-content-layout-row\">\n<div class=\"art-layout-cell layout-item-7\" style=\"width: 100%;\">\n<p><img loading=\"lazy\" class=\"size-full wp-image-1035 alignleft\" src=\"http:\/\/www.hfc1912.hu\/new\/wp-content\/uploads\/2016\/08\/football_logo_50x45.png\" alt=\"\" width=\"50\" height=\"45\" srcset=\"http:\/\/www.hfc1912.hu\/new\/wp-content\/uploads\/2016\/08\/football_logo_50x45.png 50w, http:\/\/www.hfc1912.hu\/new\/wp-content\/uploads\/2016\/08\/football_logo_50x45-32x29.png 32w\" sizes=\"(max-width: 50px) 100vw, 50px\" \/>A 2011. \u00e9vi sporttal \u00f6sszef\u00fcgg\u0151 elfogadott t\u00f6rv\u00e9nym\u00f3dos\u00edt\u00e1sok lehet\u0151s\u00e9get adnak a l\u00e1tv\u00e1ny-csapatsport\u00e1gak (labdar\u00fag\u00e1s, k\u00e9zilabda, kos\u00e1rlabda, v\u00edzilabda, j\u00e9gkorong) gazdas\u00e1gi t\u00e1rsas\u00e1gok nyeres\u00e9gad\u00f3j\u00e1b\u00f3l t\u00f6rt\u00e9n\u0151 finansz\u00edroz\u00e1s\u00e1ra, sportt\u00e1mogat\u00e1shoz kapcsol\u00f3d\u00f3 ad\u00f3kedvezm\u00e9ny ig\u00e9nybev\u00e9tel\u00e9re.<\/p>\n<p style=\"text-align: right;\"><a class=\"art-button\" href=\"http:\/\/www.hfc1912.hu\/new\/sporttamogatas-tao\/\">Tov\u00e1bb<\/a><\/p>\n<\/div>\n<\/div>\n<\/div>\n<\/div>\n<\/div>\n","protected":false},"excerpt":{"rendered":"<p>A v\u00e1s\u00e1rhelyi foci &nbsp; Egyes\u00fclet\u00fcnkr\u0151l Helysz\u00edn &nbsp; Szab\u00e1lyaink &nbsp; H\u00f3dmez\u0151v\u00e1s\u00e1rhelyi Futball Club hivatalos honlapja K\u00f6sz\u00f6nt\u0151 \u00dcdv\u00f6zl\u00f6m a H\u00f3dmez\u0151v\u00e1s\u00e1rhelyi Futball Club hivatalos honlapj\u00e1n! Horv\u00e1th Zolt\u00e1n vagyok,&#8230;<\/p>\n","protected":false},"author":1,"featured_media":0,"parent":0,"menu_order":1,"comment_status":"closed","ping_status":"closed","template":"","meta":[],"yoast_head":"<!-- This site is optimized with the Yoast SEO plugin v19.8 - https:\/\/yoast.com\/wordpress\/plugins\/seo\/ -->\n<title>Kezd\u0151lap - H\u00f3dmez\u0151v\u00e1s\u00e1rhelyi Futball Club<\/title>\n<meta name=\"robots\" content=\"index, follow, max-snippet:-1, max-image-preview:large, max-video-preview:-1\" \/>\n<link rel=\"canonical\" href=\"http:\/\/www.hfc1912.hu\/new\/kezdolap\/\" \/>\n<meta property=\"og:locale\" content=\"hu_HU\" \/>\n<meta property=\"og:type\" content=\"article\" \/>\n<meta property=\"og:title\" content=\"Kezd\u0151lap - H\u00f3dmez\u0151v\u00e1s\u00e1rhelyi Futball Club\" \/>\n<meta property=\"og:description\" content=\"A v\u00e1s\u00e1rhelyi foci &nbsp; Egyes\u00fclet\u00fcnkr\u0151l Helysz\u00edn &nbsp; Szab\u00e1lyaink &nbsp; H\u00f3dmez\u0151v\u00e1s\u00e1rhelyi Futball Club hivatalos honlapja K\u00f6sz\u00f6nt\u0151 \u00dcdv\u00f6zl\u00f6m a H\u00f3dmez\u0151v\u00e1s\u00e1rhelyi Futball Club hivatalos honlapj\u00e1n! Horv\u00e1th Zolt\u00e1n vagyok,...\" \/>\n<meta property=\"og:url\" content=\"http:\/\/www.hfc1912.hu\/new\/kezdolap\/\" \/>\n<meta property=\"og:site_name\" content=\"H\u00f3dmez\u0151v\u00e1s\u00e1rhelyi Futball Club\" \/>\n<meta property=\"article:modified_time\" content=\"2017-03-23T08:37:48+00:00\" \/>\n<meta property=\"og:image\" content=\"http:\/\/www.hfc1912.hu\/new\/wp-content\/uploads\/2016\/09\/hfc_lead_vhelyfoci.jpg\" \/>\n<meta name=\"twitter:card\" content=\"summary_large_image\" \/>\n<meta name=\"twitter:label1\" content=\"Est. reading time\" \/>\n\t<meta name=\"twitter:data1\" content=\"2 perc\" \/>\n<script type=\"application\/ld+json\" class=\"yoast-schema-graph\">{\"@context\":\"https:\/\/schema.org\",\"@graph\":[{\"@type\":\"WebPage\",\"@id\":\"http:\/\/www.hfc1912.hu\/new\/kezdolap\/\",\"url\":\"http:\/\/www.hfc1912.hu\/new\/kezdolap\/\",\"name\":\"Kezd\u0151lap - H\u00f3dmez\u0151v\u00e1s\u00e1rhelyi Futball Club\",\"isPartOf\":{\"@id\":\"http:\/\/www.hfc1912.hu\/new\/#website\"},\"datePublished\":\"2016-08-25T14:32:19+00:00\",\"dateModified\":\"2017-03-23T08:37:48+00:00\",\"breadcrumb\":{\"@id\":\"http:\/\/www.hfc1912.hu\/new\/kezdolap\/#breadcrumb\"},\"inLanguage\":\"hu\",\"potentialAction\":[{\"@type\":\"ReadAction\",\"target\":[\"http:\/\/www.hfc1912.hu\/new\/kezdolap\/\"]}]},{\"@type\":\"BreadcrumbList\",\"@id\":\"http:\/\/www.hfc1912.hu\/new\/kezdolap\/#breadcrumb\",\"itemListElement\":[{\"@type\":\"ListItem\",\"position\":1,\"name\":\"Home\",\"item\":\"http:\/\/www.hfc1912.hu\/new\/\"},{\"@type\":\"ListItem\",\"position\":2,\"name\":\"Kezd\u0151lap\"}]},{\"@type\":\"WebSite\",\"@id\":\"http:\/\/www.hfc1912.hu\/new\/#website\",\"url\":\"http:\/\/www.hfc1912.hu\/new\/\",\"name\":\"H\u00f3dmez\u0151v\u00e1s\u00e1rhelyi Futball Club\",\"description\":\"H\u00f3dmez\u0151v\u00e1s\u00e1rhelyi Futball Club hivatalos honlapja\",\"publisher\":{\"@id\":\"http:\/\/www.hfc1912.hu\/new\/#organization\"},\"potentialAction\":[{\"@type\":\"SearchAction\",\"target\":{\"@type\":\"EntryPoint\",\"urlTemplate\":\"http:\/\/www.hfc1912.hu\/new\/?s={search_term_string}\"},\"query-input\":\"required name=search_term_string\"}],\"inLanguage\":\"hu\"},{\"@type\":\"Organization\",\"@id\":\"http:\/\/www.hfc1912.hu\/new\/#organization\",\"name\":\"H\u00f3dmez\u0151v\u00e1s\u00e1rhelyi Futball Club\",\"url\":\"http:\/\/www.hfc1912.hu\/new\/\",\"sameAs\":[],\"logo\":{\"@type\":\"ImageObject\",\"inLanguage\":\"hu\",\"@id\":\"http:\/\/www.hfc1912.hu\/new\/#\/schema\/logo\/image\/\",\"url\":\"http:\/\/www.hfc1912.hu\/new\/wp-content\/uploads\/2021\/12\/cropped-V\u00e9gleges_c\u00edmer_atlatszo150162.png\",\"contentUrl\":\"http:\/\/www.hfc1912.hu\/new\/wp-content\/uploads\/2021\/12\/cropped-V\u00e9gleges_c\u00edmer_atlatszo150162.png\",\"width\":150,\"height\":162,\"caption\":\"H\u00f3dmez\u0151v\u00e1s\u00e1rhelyi Futball Club\"},\"image\":{\"@id\":\"http:\/\/www.hfc1912.hu\/new\/#\/schema\/logo\/image\/\"}}]}<\/script>\n<!-- \/ Yoast SEO plugin. -->","yoast_head_json":{"title":"Kezd\u0151lap - H\u00f3dmez\u0151v\u00e1s\u00e1rhelyi Futball Club","robots":{"index":"index","follow":"follow","max-snippet":"max-snippet:-1","max-image-preview":"max-image-preview:large","max-video-preview":"max-video-preview:-1"},"canonical":"http:\/\/www.hfc1912.hu\/new\/kezdolap\/","og_locale":"hu_HU","og_type":"article","og_title":"Kezd\u0151lap - H\u00f3dmez\u0151v\u00e1s\u00e1rhelyi Futball Club","og_description":"A v\u00e1s\u00e1rhelyi foci &nbsp; Egyes\u00fclet\u00fcnkr\u0151l Helysz\u00edn &nbsp; Szab\u00e1lyaink &nbsp; H\u00f3dmez\u0151v\u00e1s\u00e1rhelyi Futball Club hivatalos honlapja K\u00f6sz\u00f6nt\u0151 \u00dcdv\u00f6zl\u00f6m a H\u00f3dmez\u0151v\u00e1s\u00e1rhelyi Futball Club hivatalos honlapj\u00e1n! Horv\u00e1th Zolt\u00e1n vagyok,...","og_url":"http:\/\/www.hfc1912.hu\/new\/kezdolap\/","og_site_name":"H\u00f3dmez\u0151v\u00e1s\u00e1rhelyi Futball Club","article_modified_time":"2017-03-23T08:37:48+00:00","og_image":[{"url":"http:\/\/www.hfc1912.hu\/new\/wp-content\/uploads\/2016\/09\/hfc_lead_vhelyfoci.jpg"}],"twitter_card":"summary_large_image","twitter_misc":{"Est. reading time":"2 perc"},"schema":{"@context":"https:\/\/schema.org","@graph":[{"@type":"WebPage","@id":"http:\/\/www.hfc1912.hu\/new\/kezdolap\/","url":"http:\/\/www.hfc1912.hu\/new\/kezdolap\/","name":"Kezd\u0151lap - H\u00f3dmez\u0151v\u00e1s\u00e1rhelyi Futball Club","isPartOf":{"@id":"http:\/\/www.hfc1912.hu\/new\/#website"},"datePublished":"2016-08-25T14:32:19+00:00","dateModified":"2017-03-23T08:37:48+00:00","breadcrumb":{"@id":"http:\/\/www.hfc1912.hu\/new\/kezdolap\/#breadcrumb"},"inLanguage":"hu","potentialAction":[{"@type":"ReadAction","target":["http:\/\/www.hfc1912.hu\/new\/kezdolap\/"]}]},{"@type":"BreadcrumbList","@id":"http:\/\/www.hfc1912.hu\/new\/kezdolap\/#breadcrumb","itemListElement":[{"@type":"ListItem","position":1,"name":"Home","item":"http:\/\/www.hfc1912.hu\/new\/"},{"@type":"ListItem","position":2,"name":"Kezd\u0151lap"}]},{"@type":"WebSite","@id":"http:\/\/www.hfc1912.hu\/new\/#website","url":"http:\/\/www.hfc1912.hu\/new\/","name":"H\u00f3dmez\u0151v\u00e1s\u00e1rhelyi Futball Club","description":"H\u00f3dmez\u0151v\u00e1s\u00e1rhelyi Futball Club hivatalos honlapja","publisher":{"@id":"http:\/\/www.hfc1912.hu\/new\/#organization"},"potentialAction":[{"@type":"SearchAction","target":{"@type":"EntryPoint","urlTemplate":"http:\/\/www.hfc1912.hu\/new\/?s={search_term_string}"},"query-input":"required name=search_term_string"}],"inLanguage":"hu"},{"@type":"Organization","@id":"http:\/\/www.hfc1912.hu\/new\/#organization","name":"H\u00f3dmez\u0151v\u00e1s\u00e1rhelyi Futball Club","url":"http:\/\/www.hfc1912.hu\/new\/","sameAs":[],"logo":{"@type":"ImageObject","inLanguage":"hu","@id":"http:\/\/www.hfc1912.hu\/new\/#\/schema\/logo\/image\/","url":"http:\/\/www.hfc1912.hu\/new\/wp-content\/uploads\/2021\/12\/cropped-V\u00e9gleges_c\u00edmer_atlatszo150162.png","contentUrl":"http:\/\/www.hfc1912.hu\/new\/wp-content\/uploads\/2021\/12\/cropped-V\u00e9gleges_c\u00edmer_atlatszo150162.png","width":150,"height":162,"caption":"H\u00f3dmez\u0151v\u00e1s\u00e1rhelyi Futball Club"},"image":{"@id":"http:\/\/www.hfc1912.hu\/new\/#\/schema\/logo\/image\/"}}]}},"_links":{"self":[{"href":"http:\/\/www.hfc1912.hu\/new\/wp-json\/wp\/v2\/pages\/48"}],"collection":[{"href":"http:\/\/www.hfc1912.hu\/new\/wp-json\/wp\/v2\/pages"}],"about":[{"href":"http:\/\/www.hfc1912.hu\/new\/wp-json\/wp\/v2\/types\/page"}],"author":[{"embeddable":true,"href":"http:\/\/www.hfc1912.hu\/new\/wp-json\/wp\/v2\/users\/1"}],"replies":[{"embeddable":true,"href":"http:\/\/www.hfc1912.hu\/new\/wp-json\/wp\/v2\/comments?post=48"}],"version-history":[{"count":39,"href":"http:\/\/www.hfc1912.hu\/new\/wp-json\/wp\/v2\/pages\/48\/revisions"}],"predecessor-version":[{"id":1206,"href":"http:\/\/www.hfc1912.hu\/new\/wp-json\/wp\/v2\/pages\/48\/revisions\/1206"}],"wp:attachment":[{"href":"http:\/\/www.hfc1912.hu\/new\/wp-json\/wp\/v2\/media?parent=48"}],"curies":[{"name":"wp","href":"https:\/\/api.w.org\/{rel}","templated":true}]}}